{"id":1208,"date":"2018-03-21T07:58:28","date_gmt":"2018-03-21T07:58:28","guid":{"rendered":"https:\/\/barcelonapaseodegracia.com\/join-us\/"},"modified":"2018-06-14T12:37:38","modified_gmt":"2018-06-14T12:37:38","slug":"festen-membre","status":"publish","type":"page","link":"https:\/\/barcelonapaseodegracia.com\/ca\/festen-membre\/","title":{"rendered":"Fes-te&#8217;n membre"},"content":{"rendered":"","protected":false},"excerpt":{"rendered":"","protected":false},"author":1,"featured_media":0,"parent":0,"menu_order":0,"comment_status":"closed","ping_status":"closed","template":"","meta":{"footnotes":""},"yoast_head":"<!-- This site is optimized with the Yoast SEO plugin v15.8 - https:\/\/yoast.com\/wordpress\/plugins\/seo\/ -->\n<title>Passeig de Gr\u00e0cia Barcelona | Fes-te membre<\/title>\n<meta name=\"description\" content=\"Si est\u00e0s interessat en formar part de l&#039;Associaci\u00f3 del Passeig de Gr\u00e0cia, contacta amb nosaltres a trav\u00e9s del nostre formulari.\" \/>\n<meta name=\"robots\" content=\"index, follow, max-snippet:-1, max-image-preview:large, max-video-preview:-1\" \/>\n<link rel=\"canonical\" href=\"https:\/\/barcelonapaseodegracia.com\/ca\/festen-membre\/\" \/>\n<meta property=\"og:locale\" content=\"ca_ES\" \/>\n<meta property=\"og:type\" content=\"article\" \/>\n<meta property=\"og:title\" content=\"Passeig de Gr\u00e0cia Barcelona | Fes-te membre\" \/>\n<meta property=\"og:description\" content=\"Si est\u00e0s interessat en formar part de l&#039;Associaci\u00f3 del Passeig de Gr\u00e0cia, contacta amb nosaltres a trav\u00e9s del nostre formulari.\" \/>\n<meta property=\"og:url\" content=\"https:\/\/barcelonapaseodegracia.com\/ca\/festen-membre\/\" \/>\n<meta property=\"og:site_name\" content=\"Associaci\u00f3 de Passeig de Gr\u00e0cia\" \/>\n<meta property=\"article:modified_time\" content=\"2018-06-14T12:37:38+00:00\" \/>\n<meta name=\"twitter:card\" content=\"summary\" \/>\n<script type=\"application\/ld+json\" class=\"yoast-schema-graph\">{\"@context\":\"https:\/\/schema.org\",\"@graph\":[{\"@type\":\"WebSite\",\"@id\":\"https:\/\/barcelonapaseodegracia.com\/es\/#website\",\"url\":\"https:\/\/barcelonapaseodegracia.com\/es\/\",\"name\":\"Associaci\\u00f3 de Passeig de Gr\\u00e0cia\",\"description\":\"Otro sitio realizado con WordPress\",\"potentialAction\":[{\"@type\":\"SearchAction\",\"target\":\"https:\/\/barcelonapaseodegracia.com\/es\/?s={search_term_string}\",\"query-input\":\"required name=search_term_string\"}],\"inLanguage\":\"ca\"},{\"@type\":\"WebPage\",\"@id\":\"https:\/\/barcelonapaseodegracia.com\/ca\/festen-membre\/#webpage\",\"url\":\"https:\/\/barcelonapaseodegracia.com\/ca\/festen-membre\/\",\"name\":\"Passeig de Gr\\u00e0cia Barcelona | Fes-te membre\",\"isPartOf\":{\"@id\":\"https:\/\/barcelonapaseodegracia.com\/es\/#website\"},\"datePublished\":\"2018-03-21T07:58:28+00:00\",\"dateModified\":\"2018-06-14T12:37:38+00:00\",\"description\":\"Si est\\u00e0s interessat en formar part de l'Associaci\\u00f3 del Passeig de Gr\\u00e0cia, contacta amb nosaltres a trav\\u00e9s del nostre formulari.\",\"breadcrumb\":{\"@id\":\"https:\/\/barcelonapaseodegracia.com\/ca\/festen-membre\/#breadcrumb\"},\"inLanguage\":\"ca\",\"potentialAction\":[{\"@type\":\"ReadAction\",\"target\":[\"https:\/\/barcelonapaseodegracia.com\/ca\/festen-membre\/\"]}]},{\"@type\":\"BreadcrumbList\",\"@id\":\"https:\/\/barcelonapaseodegracia.com\/ca\/festen-membre\/#breadcrumb\",\"itemListElement\":[{\"@type\":\"ListItem\",\"position\":1,\"item\":{\"@type\":\"WebPage\",\"@id\":\"https:\/\/barcelonapaseodegracia.com\/ca\/\",\"url\":\"https:\/\/barcelonapaseodegracia.com\/ca\/\",\"name\":\"Home\"}},{\"@type\":\"ListItem\",\"position\":2,\"item\":{\"@type\":\"WebPage\",\"@id\":\"https:\/\/barcelonapaseodegracia.com\/ca\/festen-membre\/\",\"url\":\"https:\/\/barcelonapaseodegracia.com\/ca\/festen-membre\/\",\"name\":\"Fes-te&#8217;n membre\"}}]}]}<\/script>\n<!-- \/ Yoast SEO plugin. -->","_links":{"self":[{"href":"https:\/\/barcelonapaseodegracia.com\/ca\/wp-json\/wp\/v2\/pages\/1208"}],"collection":[{"href":"https:\/\/barcelonapaseodegracia.com\/ca\/wp-json\/wp\/v2\/pages"}],"about":[{"href":"https:\/\/barcelonapaseodegracia.com\/ca\/wp-json\/wp\/v2\/types\/page"}],"author":[{"embeddable":true,"href":"https:\/\/barcelonapaseodegracia.com\/ca\/wp-json\/wp\/v2\/users\/1"}],"replies":[{"embeddable":true,"href":"https:\/\/barcelonapaseodegracia.com\/ca\/wp-json\/wp\/v2\/comments?post=1208"}],"version-history":[{"count":5,"href":"https:\/\/barcelonapaseodegracia.com\/ca\/wp-json\/wp\/v2\/pages\/1208\/revisions"}],"predecessor-version":[{"id":8710,"href":"https:\/\/barcelonapaseodegracia.com\/ca\/wp-json\/wp\/v2\/pages\/1208\/revisions\/8710"}],"wp:attachment":[{"href":"https:\/\/barcelonapaseodegracia.com\/ca\/wp-json\/wp\/v2\/media?parent=1208"}],"curies":[{"name":"wp","href":"https:\/\/api.w.org\/{rel}","templated":true}]}}